{"id":7229,"date":"2026-02-03T12:08:17","date_gmt":"2026-02-03T09:08:17","guid":{"rendered":"https:\/\/cubukled.com\/?page_id=7229"},"modified":"2026-02-03T17:08:53","modified_gmt":"2026-02-03T14:08:53","slug":"kvkk-aydinlatma-metni","status":"publish","type":"page","link":"https:\/\/cubukled.com\/de\/kvkk-aydinlatma-metni\/","title":{"rendered":"Informationstext zum Gesetz zum Schutz personenbezogener Daten (KVKK)"},"content":{"rendered":"<p data-path-to-node=\"5\">Gem\u00e4\u00df dem franz\u00f6sischen Datenschutzgesetz Nr. 6698 (\u201cKVKK\u201d) legen wir als Datenverantwortlicher und Tochtergesellschaft von \u00c7UBUK LED gro\u00dfen Wert auf die Sicherheit Ihrer personenbezogenen Daten.<\/p>\n<p data-path-to-node=\"6\"><b data-path-to-node=\"6\" data-index-in-node=\"0\">1. Zweck der Verarbeitung personenbezogener Daten:<\/b><\/p>\n<p data-path-to-node=\"6\">Ihre personenbezogenen Daten, die Sie uns \u00fcber unsere Website mitteilen, wie z. B. Ihr Name, Nachname, Firmenname, Telefonnummer, Adresse und E-Mail-Adresse;<\/p>\n<ul data-path-to-node=\"7\">\n<li>\n<p data-path-to-node=\"7,0,0\">Erstellung eines individuellen Lichtkonzepts und technischer Berechnungen f\u00fcr Ihr Projekt.,<\/p>\n<\/li>\n<li>\n<p data-path-to-node=\"7,1,0\">Abstimmung der Produktionsprozesse mit unserem Fertigungspartner \u0130KON Lighting,<\/p>\n<\/li>\n<li>\n<p data-path-to-node=\"7,2,0\">Die Unterst\u00fctzung vor Ort sowie die Logistikprozesse werden \u00fcber unseren H\u00e4ndlerpartner Enerva Engineering abgewickelt.,<\/p>\n<\/li>\n<li>\n<p data-path-to-node=\"7,3,0\">Die Daten werden zum Zweck der Rechnungsstellung und zur Erf\u00fcllung gesetzlicher Verpflichtungen verarbeitet.<\/p>\n<\/li>\n<\/ul>\n<p data-path-to-node=\"8\"><b data-path-to-node=\"8\" data-index-in-node=\"0\">2. \u00dcbermittlung verarbeiteter personenbezogener Daten:<\/b><\/p>\n<p data-path-to-node=\"8\">Ihre personenbezogenen Daten k\u00f6nnen an unsere L\u00f6sungspartner, Versandunternehmen und (auf Anfrage) an Strafverfolgungsbeh\u00f6rden nur zu den oben genannten Zwecken \u00fcbermittelt werden.<\/p>\n<p data-path-to-node=\"9\"><b data-path-to-node=\"9\" data-index-in-node=\"0\">3. Methode und Rechtsgrundlage f\u00fcr die Erhebung personenbezogener Daten:<\/b><\/p>\n<p data-path-to-node=\"9\">Ihre Daten werden \u00fcber Kontaktformulare auf unserer Website, unsere WhatsApp-Support-Hotline oder per E-Mail ausschlie\u00dflich auf der Rechtsgrundlage erhoben, dass sie \u201cin direktem Zusammenhang mit dem Abschluss oder der Erf\u00fcllung eines Vertrags stehen\u201d.<\/p>\n<p data-path-to-node=\"10\"><b data-path-to-node=\"10\" data-index-in-node=\"0\">4. Rechte der betroffenen Person:<\/b><\/p>\n<p data-path-to-node=\"10\">Gem\u00e4\u00df Artikel 11 des t\u00fcrkischen Datenschutzgesetzes (KVKK) haben Sie das Recht, Auskunft dar\u00fcber zu verlangen, ob Ihre Daten verarbeitet werden, gegebenenfalls Auskunft dar\u00fcber zu erhalten, unrichtige Daten berichtigen zu lassen und deren L\u00f6schung zu verlangen. Bitte kontaktieren Sie uns hierzu unter info@cubukled.com.<\/p>\n<p data-path-to-node=\"11\"><b data-path-to-node=\"11\" data-index-in-node=\"0\">5. Informationen zum Verantwortlichen f\u00fcr die Datenverarbeitung:<\/b><\/p>\n<p data-path-to-node=\"11\"><strong>Kommerziell<\/strong> <b data-path-to-node=\"11\" data-index-in-node=\"26\">Titel:<\/b> LED-Streifen<\/p>\n<p data-path-to-node=\"11\"><b data-path-to-node=\"11\" data-index-in-node=\"58\">Provinz:<\/b> <span class=\"fontstyle0\">Ankara<\/span><\/p>\n<p data-path-to-node=\"11\"><b data-path-to-node=\"11\" data-index-in-node=\"102\">E-Mail:<\/b> info@cubukled.com<\/p>","protected":false},"excerpt":{"rendered":"<p>6698 Say\u0131l\u0131 Ki\u015fisel Verilerin Korunmas\u0131 Kanunu (\u201cKVKK\u201d) uyar\u0131nca, veri sorumlusu s\u0131fat\u0131yla \u00c7UBUK LED i\u015ftiraki olarak, ki\u015fisel verilerinizin g\u00fcvenli\u011fine b\u00fcy\u00fck \u00f6nem veriyoruz. 1. Ki\u015fisel Verilerin \u0130\u015flenme&hellip;<\/p>","protected":false},"author":1,"featured_media":0,"parent":0,"menu_order":0,"comment_status":"closed","ping_status":"closed","template":"","meta":{"_joinchat":[],"footnotes":""},"class_list":["post-7229","page","type-page","status-publish","hentry"],"yoast_head":"<!-- This site is optimized with the Yoast SEO plugin v27.2 - https:\/\/yoast.com\/product\/yoast-seo-wordpress\/ -->\n<title>KVKK Ayd\u0131nlatma Metni<\/title>\n<meta name=\"description\" content=\"KVKK Ayd\u0131nlatma Metni - Veriler fatura ve yasal y\u00fck\u00fcml\u00fcl\u00fcklerin yerine getirilmesi amac\u0131yla i\u015flenmektedir. Ayr\u0131ca \u00e7\u00f6z\u00fcm ortaklar\u0131m\u0131za ...\" \/>\n<meta name=\"robots\" content=\"index, follow, max-snippet:-1, max-image-preview:large, max-video-preview:-1\" \/>\n<link rel=\"canonical\" href=\"https:\/\/cubukled.com\/de\/kvkk-aydinlatma-metni\/\" \/>\n<meta property=\"og:locale\" content=\"de_DE\" \/>\n<meta property=\"og:type\" content=\"article\" \/>\n<meta property=\"og:title\" content=\"KVKK Ayd\u0131nlatma Metni\" \/>\n<meta property=\"og:description\" content=\"KVKK Ayd\u0131nlatma Metni - Veriler fatura ve yasal y\u00fck\u00fcml\u00fcl\u00fcklerin yerine getirilmesi amac\u0131yla i\u015flenmektedir. Ayr\u0131ca \u00e7\u00f6z\u00fcm ortaklar\u0131m\u0131za ...\" \/>\n<meta property=\"og:url\" content=\"https:\/\/cubukled.com\/de\/kvkk-aydinlatma-metni\/\" \/>\n<meta property=\"og:site_name\" content=\"\u00c7ubuk LED\" \/>\n<meta property=\"article:publisher\" content=\"https:\/\/www.facebook.com\/cubukled\" \/>\n<meta property=\"article:modified_time\" content=\"2026-02-03T14:08:53+00:00\" \/>\n<meta property=\"og:image\" content=\"https:\/\/cubukled.com\/wp-content\/uploads\/2024\/01\/cubukled-gorsel.jpg\" \/>\n\t<meta property=\"og:image:width\" content=\"1200\" \/>\n\t<meta property=\"og:image:height\" content=\"675\" \/>\n\t<meta property=\"og:image:type\" content=\"image\/jpeg\" \/>\n<meta name=\"twitter:card\" content=\"summary_large_image\" \/>\n<meta name=\"twitter:site\" content=\"@cubukled\" \/>\n<meta name=\"twitter:label1\" content=\"Gesch\u00e4tzte Lesezeit\" \/>\n\t<meta name=\"twitter:data1\" content=\"2\u00a0Minuten\" \/>\n<script type=\"application\/ld+json\" class=\"yoast-schema-graph\">{\"@context\":\"https:\/\/schema.org\",\"@graph\":[{\"@type\":\"WebPage\",\"@id\":\"https:\/\/cubukled.com\/kvkk-aydinlatma-metni\/\",\"url\":\"https:\/\/cubukled.com\/kvkk-aydinlatma-metni\/\",\"name\":\"KVKK Ayd\u0131nlatma Metni\",\"isPartOf\":{\"@id\":\"https:\/\/cubukled.com\/#website\"},\"datePublished\":\"2026-02-03T09:08:17+00:00\",\"dateModified\":\"2026-02-03T14:08:53+00:00\",\"description\":\"KVKK Ayd\u0131nlatma Metni - Veriler fatura ve yasal y\u00fck\u00fcml\u00fcl\u00fcklerin yerine getirilmesi amac\u0131yla i\u015flenmektedir. Ayr\u0131ca \u00e7\u00f6z\u00fcm ortaklar\u0131m\u0131za ...\",\"breadcrumb\":{\"@id\":\"https:\/\/cubukled.com\/kvkk-aydinlatma-metni\/#breadcrumb\"},\"inLanguage\":\"de\",\"potentialAction\":[{\"@type\":\"ReadAction\",\"target\":[\"https:\/\/cubukled.com\/kvkk-aydinlatma-metni\/\"]}]},{\"@type\":\"BreadcrumbList\",\"@id\":\"https:\/\/cubukled.com\/kvkk-aydinlatma-metni\/#breadcrumb\",\"itemListElement\":[{\"@type\":\"ListItem\",\"position\":1,\"name\":\"Ana sayfa\",\"item\":\"https:\/\/cubukled.com\/\"},{\"@type\":\"ListItem\",\"position\":2,\"name\":\"KVKK Ayd\u0131nlatma Metni\"}]},{\"@type\":\"WebSite\",\"@id\":\"https:\/\/cubukled.com\/#website\",\"url\":\"https:\/\/cubukled.com\/\",\"name\":\"\u00c7ubuk LED\",\"description\":\"Cephe Ayd\u0131nlatma, Ayd\u0131nlatma Tasar\u0131m\u0131, D\u0131\u015f Mekan Animasyon Sistemleri, RGB DMX Cephe LED Animasyon\",\"publisher\":{\"@id\":\"https:\/\/cubukled.com\/#organization\"},\"alternateName\":\"cubukled\",\"potentialAction\":[{\"@type\":\"SearchAction\",\"target\":{\"@type\":\"EntryPoint\",\"urlTemplate\":\"https:\/\/cubukled.com\/?s={search_term_string}\"},\"query-input\":{\"@type\":\"PropertyValueSpecification\",\"valueRequired\":true,\"valueName\":\"search_term_string\"}}],\"inLanguage\":\"de\"},{\"@type\":\"Organization\",\"@id\":\"https:\/\/cubukled.com\/#organization\",\"name\":\"\u00c7ubuk LED\",\"alternateName\":\"cubukled\",\"url\":\"https:\/\/cubukled.com\/\",\"logo\":{\"@type\":\"ImageObject\",\"inLanguage\":\"de\",\"@id\":\"https:\/\/cubukled.com\/#\/schema\/logo\/image\/\",\"url\":\"https:\/\/cubukled.com\/wp-content\/uploads\/2020\/06\/cubukled-logo.jpeg\",\"contentUrl\":\"https:\/\/cubukled.com\/wp-content\/uploads\/2020\/06\/cubukled-logo.jpeg\",\"width\":1169,\"height\":669,\"caption\":\"\u00c7ubuk LED\"},\"image\":{\"@id\":\"https:\/\/cubukled.com\/#\/schema\/logo\/image\/\"},\"sameAs\":[\"https:\/\/www.facebook.com\/cubukled\",\"https:\/\/x.com\/cubukled\",\"https:\/\/tr.pinterest.com\/Cubuk_Led\/\",\"https:\/\/www.instagram.com\/cubukled\/\",\"https:\/\/www.linkedin.com\/company\/cubukled\",\"https:\/\/www.threads.net\/@cubukled\",\"https:\/\/www.youtube.com\/@cubukled\",\"https:\/\/twitter.com\/cubukled\"]}]}<\/script>\n<!-- \/ Yoast SEO plugin. -->","yoast_head_json":{"title":"Informationstext zum Gesetz zum Schutz personenbezogener Daten (KVKK)","description":"KVKK Ayd\u0131nlatma Metni - Veriler fatura ve yasal y\u00fck\u00fcml\u00fcl\u00fcklerin yerine getirilmesi amac\u0131yla i\u015flenmektedir. Ayr\u0131ca \u00e7\u00f6z\u00fcm ortaklar\u0131m\u0131za ...","robots":{"index":"index","follow":"follow","max-snippet":"max-snippet:-1","max-image-preview":"max-image-preview:large","max-video-preview":"max-video-preview:-1"},"canonical":"https:\/\/cubukled.com\/de\/kvkk-aydinlatma-metni\/","og_locale":"de_DE","og_type":"article","og_title":"KVKK Ayd\u0131nlatma Metni","og_description":"KVKK Ayd\u0131nlatma Metni - Veriler fatura ve yasal y\u00fck\u00fcml\u00fcl\u00fcklerin yerine getirilmesi amac\u0131yla i\u015flenmektedir. Ayr\u0131ca \u00e7\u00f6z\u00fcm ortaklar\u0131m\u0131za ...","og_url":"https:\/\/cubukled.com\/de\/kvkk-aydinlatma-metni\/","og_site_name":"\u00c7ubuk LED","article_publisher":"https:\/\/www.facebook.com\/cubukled","article_modified_time":"2026-02-03T14:08:53+00:00","og_image":[{"width":1200,"height":675,"url":"https:\/\/cubukled.com\/wp-content\/uploads\/2024\/01\/cubukled-gorsel.jpg","type":"image\/jpeg"}],"twitter_card":"summary_large_image","twitter_site":"@cubukled","twitter_misc":{"Gesch\u00e4tzte Lesezeit":"2\u00a0Minuten"},"schema":{"@context":"https:\/\/schema.org","@graph":[{"@type":"WebPage","@id":"https:\/\/cubukled.com\/kvkk-aydinlatma-metni\/","url":"https:\/\/cubukled.com\/kvkk-aydinlatma-metni\/","name":"Informationstext zum Gesetz zum Schutz personenbezogener Daten (KVKK)","isPartOf":{"@id":"https:\/\/cubukled.com\/#website"},"datePublished":"2026-02-03T09:08:17+00:00","dateModified":"2026-02-03T14:08:53+00:00","description":"KVKK Ayd\u0131nlatma Metni - Veriler fatura ve yasal y\u00fck\u00fcml\u00fcl\u00fcklerin yerine getirilmesi amac\u0131yla i\u015flenmektedir. Ayr\u0131ca \u00e7\u00f6z\u00fcm ortaklar\u0131m\u0131za ...","breadcrumb":{"@id":"https:\/\/cubukled.com\/kvkk-aydinlatma-metni\/#breadcrumb"},"inLanguage":"de","potentialAction":[{"@type":"ReadAction","target":["https:\/\/cubukled.com\/kvkk-aydinlatma-metni\/"]}]},{"@type":"BreadcrumbList","@id":"https:\/\/cubukled.com\/kvkk-aydinlatma-metni\/#breadcrumb","itemListElement":[{"@type":"ListItem","position":1,"name":"Ana sayfa","item":"https:\/\/cubukled.com\/"},{"@type":"ListItem","position":2,"name":"KVKK Ayd\u0131nlatma Metni"}]},{"@type":"WebSite","@id":"https:\/\/cubukled.com\/#website","url":"https:\/\/cubukled.com\/","name":"Stab-LED","description":"Fassadenbeleuchtung, Lichtdesign, Au\u00dfenanimationssysteme, RGB DMX Fassaden-LED-Animation","publisher":{"@id":"https:\/\/cubukled.com\/#organization"},"alternateName":"cubukled","potentialAction":[{"@type":"SearchAction","target":{"@type":"EntryPoint","urlTemplate":"https:\/\/cubukled.com\/?s={search_term_string}"},"query-input":{"@type":"PropertyValueSpecification","valueRequired":true,"valueName":"search_term_string"}}],"inLanguage":"de"},{"@type":"Organization","@id":"https:\/\/cubukled.com\/#organization","name":"Stab-LED","alternateName":"cubukled","url":"https:\/\/cubukled.com\/","logo":{"@type":"ImageObject","inLanguage":"de","@id":"https:\/\/cubukled.com\/#\/schema\/logo\/image\/","url":"https:\/\/cubukled.com\/wp-content\/uploads\/2020\/06\/cubukled-logo.jpeg","contentUrl":"https:\/\/cubukled.com\/wp-content\/uploads\/2020\/06\/cubukled-logo.jpeg","width":1169,"height":669,"caption":"\u00c7ubuk LED"},"image":{"@id":"https:\/\/cubukled.com\/#\/schema\/logo\/image\/"},"sameAs":["https:\/\/www.facebook.com\/cubukled","https:\/\/x.com\/cubukled","https:\/\/tr.pinterest.com\/Cubuk_Led\/","https:\/\/www.instagram.com\/cubukled\/","https:\/\/www.linkedin.com\/company\/cubukled","https:\/\/www.threads.net\/@cubukled","https:\/\/www.youtube.com\/@cubukled","https:\/\/twitter.com\/cubukled"]}]}},"_links":{"self":[{"href":"https:\/\/cubukled.com\/de\/wp-json\/wp\/v2\/pages\/7229","targetHints":{"allow":["GET"]}}],"collection":[{"href":"https:\/\/cubukled.com\/de\/wp-json\/wp\/v2\/pages"}],"about":[{"href":"https:\/\/cubukled.com\/de\/wp-json\/wp\/v2\/types\/page"}],"author":[{"embeddable":true,"href":"https:\/\/cubukled.com\/de\/wp-json\/wp\/v2\/users\/1"}],"replies":[{"embeddable":true,"href":"https:\/\/cubukled.com\/de\/wp-json\/wp\/v2\/comments?post=7229"}],"version-history":[{"count":5,"href":"https:\/\/cubukled.com\/de\/wp-json\/wp\/v2\/pages\/7229\/revisions"}],"predecessor-version":[{"id":7234,"href":"https:\/\/cubukled.com\/de\/wp-json\/wp\/v2\/pages\/7229\/revisions\/7234"}],"wp:attachment":[{"href":"https:\/\/cubukled.com\/de\/wp-json\/wp\/v2\/media?parent=7229"}],"curies":[{"name":"wp","href":"https:\/\/api.w.org\/{rel}","templated":true}]}}